{"id":12734,"date":"2023-07-18T16:42:31","date_gmt":"2023-07-18T19:42:31","guid":{"rendered":"https:\/\/reatechbrasil.com.br\/16\/?page_id=12734"},"modified":"2023-07-18T17:02:34","modified_gmt":"2023-07-18T20:02:34","slug":"saiu-na-midia-2","status":"publish","type":"page","link":"https:\/\/reatechbrasil.com.br\/16\/saiu-na-midia-2\/","title":{"rendered":"Saiu na M\u00eddia"},"content":{"rendered":"\t\t<div data-elementor-type=\"wp-page\" data-elementor-id=\"12734\" class=\"elementor elementor-12734\">\n\t\t\t\t\t\t<div class=\"elementor-inner\">\n\t\t\t\t<div class=\"elementor-section-wrap\">\n\t\t\t\t\t\t\t\t\t<section data-particle_enable=\"false\" data-particle-mobile-disabled=\"false\" class=\"elementor-section elementor-top-section elementor-element elementor-element-6386130 elementor-section-boxed elementor-section-height-default elementor-section-height-default\" data-id=\"6386130\" data-element_type=\"section\">\n\t\t\t\t\t\t<div class=\"elementor-container elementor-column-gap-default\">\n\t\t\t\t\t\t\t<div class=\"elementor-row\">\n\t\t\t\t\t<div class=\"elementor-column elementor-col-100 elementor-top-column elementor-element elementor-element-d6b4b38\" data-id=\"d6b4b38\" data-element_type=\"column\">\n\t\t\t<div class=\"elementor-column-wrap elementor-element-populated\">\n\t\t\t\t\t\t\t<div class=\"elementor-widget-wrap\">\n\t\t\t\t\t\t<div class=\"elementor-element elementor-element-f3f37e8 elementor-widget elementor-widget-spacer\" data-id=\"f3f37e8\" data-element_type=\"widget\" data-widget_type=\"spacer.default\">\n\t\t\t\t<div class=\"elementor-widget-container\">\n\t\t\t\t\t<div class=\"elementor-spacer\">\n\t\t\t<div class=\"elementor-spacer-inner\"><\/div>\n\t\t<\/div>\n\t\t\t\t<\/div>\n\t\t\t\t<\/div>\n\t\t\t\t<div class=\"elementor-element elementor-element-87cbc73 elementor-widget elementor-widget-heading\" data-id=\"87cbc73\" data-element_type=\"widget\" data-widget_type=\"heading.default\">\n\t\t\t\t<div class=\"elementor-widget-container\">\n\t\t\t<h2 class=\"elementor-heading-title elementor-size-default\">Saiu na M\u00eddia<\/h2>\t\t<\/div>\n\t\t\t\t<\/div>\n\t\t\t\t<div class=\"elementor-element elementor-element-aa1d750 elementor-grid-3 elementor-grid-tablet-2 elementor-grid-mobile-1 elementor-posts--thumbnail-top elementor-posts--show-avatar elementor-card-shadow-yes elementor-posts__hover-gradient elementor-widget elementor-widget-posts\" data-id=\"aa1d750\" data-element_type=\"widget\" data-settings=\"{&quot;pagination_type&quot;:&quot;numbers_and_prev_next&quot;,&quot;cards_columns&quot;:&quot;3&quot;,&quot;cards_columns_tablet&quot;:&quot;2&quot;,&quot;cards_columns_mobile&quot;:&quot;1&quot;,&quot;cards_row_gap&quot;:{&quot;unit&quot;:&quot;px&quot;,&quot;size&quot;:35,&quot;sizes&quot;:[]},&quot;cards_row_gap_tablet&quot;:{&quot;unit&quot;:&quot;px&quot;,&quot;size&quot;:&quot;&quot;,&quot;sizes&quot;:[]},&quot;cards_row_gap_mobile&quot;:{&quot;unit&quot;:&quot;px&quot;,&quot;size&quot;:&quot;&quot;,&quot;sizes&quot;:[]}}\" data-widget_type=\"posts.cards\">\n\t\t\t\t<div class=\"elementor-widget-container\">\n\t\t\t\t\t<div class=\"elementor-posts-container elementor-posts elementor-posts--skin-cards elementor-grid\">\n\t\t\t\t<article class=\"elementor-post elementor-grid-item post-17597 post type-post status-publish format-standard has-post-thumbnail hentry category-noticias\">\n\t\t\t<div class=\"elementor-post__card\">\n\t\t\t\t<a class=\"elementor-post__thumbnail__link\" href=\"https:\/\/reatechbrasil.com.br\/16\/pcds-no-mercado-de-trabalho-mais-de-60-nunca-foram-promovidos-veja-pesquisa\/\" ><div class=\"elementor-post__thumbnail\"><img width=\"320\" height=\"180\" src=\"https:\/\/reatechbrasil.com.br\/16\/wp-content\/uploads\/2024\/12\/pexels-marcus-aurelius-pcd-computador-320x180.webp\" class=\"attachment-medium size-medium wp-image-17600\" alt=\"\" loading=\"lazy\" srcset=\"https:\/\/reatechbrasil.com.br\/16\/wp-content\/uploads\/2024\/12\/pexels-marcus-aurelius-pcd-computador-320x180.webp 320w, https:\/\/reatechbrasil.com.br\/16\/wp-content\/uploads\/2024\/12\/pexels-marcus-aurelius-pcd-computador-1200x675.webp 1200w, https:\/\/reatechbrasil.com.br\/16\/wp-content\/uploads\/2024\/12\/pexels-marcus-aurelius-pcd-computador-768x432.webp 768w, https:\/\/reatechbrasil.com.br\/16\/wp-content\/uploads\/2024\/12\/pexels-marcus-aurelius-pcd-computador-1536x864.webp 1536w, https:\/\/reatechbrasil.com.br\/16\/wp-content\/uploads\/2024\/12\/pexels-marcus-aurelius-pcd-computador-540x304.webp 540w, https:\/\/reatechbrasil.com.br\/16\/wp-content\/uploads\/2024\/12\/pexels-marcus-aurelius-pcd-computador.webp 1920w\" sizes=\"(max-width: 320px) 100vw, 320px\" \/><\/div><\/a>\n\t\t\t\t<div class=\"elementor-post__badge\">Saiu na m\u00eddia<\/div>\n\t\t\t\t<div class=\"elementor-post__avatar\">\n\t\t\t<img alt='Leandro Mota' src='https:\/\/secure.gravatar.com\/avatar\/7ed0afe92604544d15c5f52eaeeb306f?s=128&#038;d=mm&#038;r=g' srcset='https:\/\/secure.gravatar.com\/avatar\/7ed0afe92604544d15c5f52eaeeb306f?s=256&#038;d=mm&#038;r=g 2x' class='avatar avatar-128 photo' height='128' width='128' loading='lazy'\/>\t\t<\/div>\n\t\t\t\t<div class=\"elementor-post__text\">\n\t\t\t\t<h3 class=\"elementor-post__title\">\n\t\t\t<a href=\"https:\/\/reatechbrasil.com.br\/16\/pcds-no-mercado-de-trabalho-mais-de-60-nunca-foram-promovidos-veja-pesquisa\/\" >\n\t\t\t\tPCDs no mercado de trabalho: Mais de 60% nunca foram promovidos; veja pesquisa\t\t\t<\/a>\n\t\t<\/h3>\n\t\t\t\t<div class=\"elementor-post__excerpt\">\n\t\t\t<p>A pesquisa contou com a participa\u00e7\u00e3o de 245 visitantes, que estiveram na 19\u00aa Reatech \u2013 Feira Internacional de Inclus\u00e3o, Acessibilidade e Reabilita\u00e7\u00e3o<\/p>\n\t\t<\/div>\n\t\t\n\t\t<a class=\"elementor-post__read-more\" href=\"https:\/\/reatechbrasil.com.br\/16\/pcds-no-mercado-de-trabalho-mais-de-60-nunca-foram-promovidos-veja-pesquisa\/\" aria-label=\"Read more about PCDs no mercado de trabalho: Mais de 60% nunca foram promovidos; veja pesquisa\" >\n\t\t\tLEIA MAIS \u00bb\t\t<\/a>\n\n\t\t\t\t<\/div>\n\t\t\t\t<div class=\"elementor-post__meta-data\">\n\t\t\t\t\t<span class=\"elementor-post-date\">\n\t\t\tdezembro 16, 2024\t\t<\/span>\n\t\t\t\t<span class=\"elementor-post-avatar\">\n\t\t\tNenhum coment\u00e1rio\t\t<\/span>\n\t\t\t\t<\/div>\n\t\t\t\t\t<\/div>\n\t\t<\/article>\n\t\t\t\t<article class=\"elementor-post elementor-grid-item post-17472 post type-post status-publish format-standard has-post-thumbnail hentry category-noticias\">\n\t\t\t<div class=\"elementor-post__card\">\n\t\t\t\t<a class=\"elementor-post__thumbnail__link\" href=\"https:\/\/reatechbrasil.com.br\/16\/expo-brasil-paralimpico-e-novidade-na-reatech-2024\/\" ><div class=\"elementor-post__thumbnail\"><img width=\"320\" height=\"213\" src=\"https:\/\/reatechbrasil.com.br\/16\/wp-content\/uploads\/2024\/11\/REATECH_20112024_16h__TF19399-320x213.jpg\" class=\"attachment-medium size-medium wp-image-17300\" alt=\"Grande fluxo de pessoas no corredor principal do congresso Reatech, com banners e estandes ao fundo.\" loading=\"lazy\" srcset=\"https:\/\/reatechbrasil.com.br\/16\/wp-content\/uploads\/2024\/11\/REATECH_20112024_16h__TF19399-320x213.jpg 320w, https:\/\/reatechbrasil.com.br\/16\/wp-content\/uploads\/2024\/11\/REATECH_20112024_16h__TF19399-1200x800.jpg 1200w, https:\/\/reatechbrasil.com.br\/16\/wp-content\/uploads\/2024\/11\/REATECH_20112024_16h__TF19399-768x512.jpg 768w, https:\/\/reatechbrasil.com.br\/16\/wp-content\/uploads\/2024\/11\/REATECH_20112024_16h__TF19399-1536x1024.jpg 1536w, https:\/\/reatechbrasil.com.br\/16\/wp-content\/uploads\/2024\/11\/REATECH_20112024_16h__TF19399-540x360.jpg 540w, https:\/\/reatechbrasil.com.br\/16\/wp-content\/uploads\/2024\/11\/REATECH_20112024_16h__TF19399.jpg 2000w\" sizes=\"(max-width: 320px) 100vw, 320px\" \/><\/div><\/a>\n\t\t\t\t<div class=\"elementor-post__badge\">Saiu na m\u00eddia<\/div>\n\t\t\t\t<div class=\"elementor-post__avatar\">\n\t\t\t<img alt='Leandro Mota' src='https:\/\/secure.gravatar.com\/avatar\/7ed0afe92604544d15c5f52eaeeb306f?s=128&#038;d=mm&#038;r=g' srcset='https:\/\/secure.gravatar.com\/avatar\/7ed0afe92604544d15c5f52eaeeb306f?s=256&#038;d=mm&#038;r=g 2x' class='avatar avatar-128 photo' height='128' width='128' loading='lazy'\/>\t\t<\/div>\n\t\t\t\t<div class=\"elementor-post__text\">\n\t\t\t\t<h3 class=\"elementor-post__title\">\n\t\t\t<a href=\"https:\/\/reatechbrasil.com.br\/16\/expo-brasil-paralimpico-e-novidade-na-reatech-2024\/\" >\n\t\t\t\tExpo Brasil Paral\u00edmpico \u00e9 novidade na Reatech 2024\t\t\t<\/a>\n\t\t<\/h3>\n\t\t\t\t<div class=\"elementor-post__excerpt\">\n\t\t\t<p>A primeira edi\u00e7\u00e3o do Expo Brasil Paral\u00edmpico ocorre durante a principal feira da Am\u00e9rica Latina sobre a inclus\u00e3o, acessibilidade e<\/p>\n\t\t<\/div>\n\t\t\n\t\t<a class=\"elementor-post__read-more\" href=\"https:\/\/reatechbrasil.com.br\/16\/expo-brasil-paralimpico-e-novidade-na-reatech-2024\/\" aria-label=\"Read more about Expo Brasil Paral\u00edmpico \u00e9 novidade na Reatech 2024\" >\n\t\t\tLEIA MAIS \u00bb\t\t<\/a>\n\n\t\t\t\t<\/div>\n\t\t\t\t<div class=\"elementor-post__meta-data\">\n\t\t\t\t\t<span class=\"elementor-post-date\">\n\t\t\tnovembro 23, 2024\t\t<\/span>\n\t\t\t\t<span class=\"elementor-post-avatar\">\n\t\t\tNenhum coment\u00e1rio\t\t<\/span>\n\t\t\t\t<\/div>\n\t\t\t\t\t<\/div>\n\t\t<\/article>\n\t\t\t\t<article class=\"elementor-post elementor-grid-item post-17469 post type-post status-publish format-standard has-post-thumbnail hentry category-noticias\">\n\t\t\t<div class=\"elementor-post__card\">\n\t\t\t\t<a class=\"elementor-post__thumbnail__link\" href=\"https:\/\/reatechbrasil.com.br\/16\/quadra-poliesportiva-tera-18-horas-de-atividades-no-sp-expo\/\" ><div class=\"elementor-post__thumbnail\"><img width=\"320\" height=\"213\" src=\"https:\/\/reatechbrasil.com.br\/16\/wp-content\/uploads\/2024\/11\/terrareatech-320x213.webp\" class=\"attachment-medium size-medium wp-image-17470\" alt=\"\" loading=\"lazy\" srcset=\"https:\/\/reatechbrasil.com.br\/16\/wp-content\/uploads\/2024\/11\/terrareatech-320x213.webp 320w, https:\/\/reatechbrasil.com.br\/16\/wp-content\/uploads\/2024\/11\/terrareatech-768x512.webp 768w, https:\/\/reatechbrasil.com.br\/16\/wp-content\/uploads\/2024\/11\/terrareatech-540x360.webp 540w, https:\/\/reatechbrasil.com.br\/16\/wp-content\/uploads\/2024\/11\/terrareatech.webp 774w\" sizes=\"(max-width: 320px) 100vw, 320px\" \/><\/div><\/a>\n\t\t\t\t<div class=\"elementor-post__badge\">Saiu na m\u00eddia<\/div>\n\t\t\t\t<div class=\"elementor-post__avatar\">\n\t\t\t<img alt='Leandro Mota' src='https:\/\/secure.gravatar.com\/avatar\/7ed0afe92604544d15c5f52eaeeb306f?s=128&#038;d=mm&#038;r=g' srcset='https:\/\/secure.gravatar.com\/avatar\/7ed0afe92604544d15c5f52eaeeb306f?s=256&#038;d=mm&#038;r=g 2x' class='avatar avatar-128 photo' height='128' width='128' loading='lazy'\/>\t\t<\/div>\n\t\t\t\t<div class=\"elementor-post__text\">\n\t\t\t\t<h3 class=\"elementor-post__title\">\n\t\t\t<a href=\"https:\/\/reatechbrasil.com.br\/16\/quadra-poliesportiva-tera-18-horas-de-atividades-no-sp-expo\/\" >\n\t\t\t\tQuadra poliesportiva ter\u00e1 18 horas de atividades no SP Expo\t\t\t<\/a>\n\t\t<\/h3>\n\t\t\t\t<div class=\"elementor-post__excerpt\">\n\t\t\t<p>Desde a primeira edi\u00e7\u00e3o, a quadra poliesportiva \u00e9 mais uma atra\u00e7\u00e3o confirmada na Reatech deste ano, que tamb\u00e9m sediar\u00e1 a Expo Brasil Paral\u00edmpico, entre os dias 20 e 23 de novembro, no S\u00e3o Paulo Expo, na capital paulista. Sob o comando da Associa\u00e7\u00e3o Desportiva para Deficientes (ADD) nos dois primeiros dias, a programa\u00e7\u00e3o conta com atletismo, bocha, basquete em cadeira de rodas (5&#215;5 e 3&#215;3), futebol e v\u00f4lei sentado.<\/p>\n\t\t<\/div>\n\t\t\n\t\t<a class=\"elementor-post__read-more\" href=\"https:\/\/reatechbrasil.com.br\/16\/quadra-poliesportiva-tera-18-horas-de-atividades-no-sp-expo\/\" aria-label=\"Read more about Quadra poliesportiva ter\u00e1 18 horas de atividades no SP Expo\" >\n\t\t\tLEIA MAIS \u00bb\t\t<\/a>\n\n\t\t\t\t<\/div>\n\t\t\t\t<div class=\"elementor-post__meta-data\">\n\t\t\t\t\t<span class=\"elementor-post-date\">\n\t\t\tnovembro 23, 2024\t\t<\/span>\n\t\t\t\t<span class=\"elementor-post-avatar\">\n\t\t\tNenhum coment\u00e1rio\t\t<\/span>\n\t\t\t\t<\/div>\n\t\t\t\t\t<\/div>\n\t\t<\/article>\n\t\t\t\t<article class=\"elementor-post elementor-grid-item post-17466 post type-post status-publish format-standard has-post-thumbnail hentry category-noticias\">\n\t\t\t<div class=\"elementor-post__card\">\n\t\t\t\t<a class=\"elementor-post__thumbnail__link\" href=\"https:\/\/reatechbrasil.com.br\/16\/congresso-reatech-reune-vozes-diversas-para-combater-capacitismo-3\/\" ><div class=\"elementor-post__thumbnail\"><img width=\"320\" height=\"213\" src=\"https:\/\/reatechbrasil.com.br\/16\/wp-content\/uploads\/2024\/11\/REATECH_20112024_10h_IMG_0054-320x213.jpg\" class=\"attachment-medium size-medium wp-image-17389\" alt=\"\" loading=\"lazy\" srcset=\"https:\/\/reatechbrasil.com.br\/16\/wp-content\/uploads\/2024\/11\/REATECH_20112024_10h_IMG_0054-320x213.jpg 320w, https:\/\/reatechbrasil.com.br\/16\/wp-content\/uploads\/2024\/11\/REATECH_20112024_10h_IMG_0054-1200x800.jpg 1200w, https:\/\/reatechbrasil.com.br\/16\/wp-content\/uploads\/2024\/11\/REATECH_20112024_10h_IMG_0054-768x512.jpg 768w, https:\/\/reatechbrasil.com.br\/16\/wp-content\/uploads\/2024\/11\/REATECH_20112024_10h_IMG_0054-1536x1024.jpg 1536w, https:\/\/reatechbrasil.com.br\/16\/wp-content\/uploads\/2024\/11\/REATECH_20112024_10h_IMG_0054-2048x1365.jpg 2048w, https:\/\/reatechbrasil.com.br\/16\/wp-content\/uploads\/2024\/11\/REATECH_20112024_10h_IMG_0054-540x360.jpg 540w\" sizes=\"(max-width: 320px) 100vw, 320px\" \/><\/div><\/a>\n\t\t\t\t<div class=\"elementor-post__badge\">Saiu na m\u00eddia<\/div>\n\t\t\t\t<div class=\"elementor-post__avatar\">\n\t\t\t<img alt='Leandro Mota' src='https:\/\/secure.gravatar.com\/avatar\/7ed0afe92604544d15c5f52eaeeb306f?s=128&#038;d=mm&#038;r=g' srcset='https:\/\/secure.gravatar.com\/avatar\/7ed0afe92604544d15c5f52eaeeb306f?s=256&#038;d=mm&#038;r=g 2x' class='avatar avatar-128 photo' height='128' width='128' loading='lazy'\/>\t\t<\/div>\n\t\t\t\t<div class=\"elementor-post__text\">\n\t\t\t\t<h3 class=\"elementor-post__title\">\n\t\t\t<a href=\"https:\/\/reatechbrasil.com.br\/16\/congresso-reatech-reune-vozes-diversas-para-combater-capacitismo-3\/\" >\n\t\t\t\tCongresso Reatech re\u00fane vozes diversas para combater capacitismo\t\t\t<\/a>\n\t\t<\/h3>\n\t\t\t\t<div class=\"elementor-post__excerpt\">\n\t\t\t<p>O Congresso Reatech, que acontece nos dias 21 e 22 de novembro, \u00e9 um dos principais destaques da 19\u00aa Feira Internacional de Inclus\u00e3o, Acessibilidade e Reabilita\u00e7\u00e3o. O evento, que neste ano sediar\u00e1 a 1\u00aa edi\u00e7\u00e3o da Expo Brasil Paral\u00edmpico, ser\u00e1 realizado entre os dias 20 e 23, no S\u00e3o Paulo Expo, e visa promover uma profunda discuss\u00e3o sobre pr\u00e1ticas e pol\u00edticas ESG (Ambiental, Social e de Governan\u00e7a) com foco anticapacitista.<\/p>\n\t\t<\/div>\n\t\t\n\t\t<a class=\"elementor-post__read-more\" href=\"https:\/\/reatechbrasil.com.br\/16\/congresso-reatech-reune-vozes-diversas-para-combater-capacitismo-3\/\" aria-label=\"Read more about Congresso Reatech re\u00fane vozes diversas para combater capacitismo\" >\n\t\t\tLEIA MAIS \u00bb\t\t<\/a>\n\n\t\t\t\t<\/div>\n\t\t\t\t<div class=\"elementor-post__meta-data\">\n\t\t\t\t\t<span class=\"elementor-post-date\">\n\t\t\tnovembro 23, 2024\t\t<\/span>\n\t\t\t\t<span class=\"elementor-post-avatar\">\n\t\t\tNenhum coment\u00e1rio\t\t<\/span>\n\t\t\t\t<\/div>\n\t\t\t\t\t<\/div>\n\t\t<\/article>\n\t\t\t\t<article class=\"elementor-post elementor-grid-item post-17464 post type-post status-publish format-standard has-post-thumbnail hentry category-noticias\">\n\t\t\t<div class=\"elementor-post__card\">\n\t\t\t\t<a class=\"elementor-post__thumbnail__link\" href=\"https:\/\/reatechbrasil.com.br\/16\/prefeitura-participa-da-19a-edicao-da-reatech\/\" ><div class=\"elementor-post__thumbnail\"><img width=\"320\" height=\"213\" src=\"https:\/\/reatechbrasil.com.br\/16\/wp-content\/uploads\/2024\/11\/REATECH_21112024_15h_INDY0714-320x213.jpg\" class=\"attachment-medium size-medium wp-image-17408\" alt=\"\" loading=\"lazy\" srcset=\"https:\/\/reatechbrasil.com.br\/16\/wp-content\/uploads\/2024\/11\/REATECH_21112024_15h_INDY0714-320x213.jpg 320w, https:\/\/reatechbrasil.com.br\/16\/wp-content\/uploads\/2024\/11\/REATECH_21112024_15h_INDY0714-1200x800.jpg 1200w, https:\/\/reatechbrasil.com.br\/16\/wp-content\/uploads\/2024\/11\/REATECH_21112024_15h_INDY0714-768x512.jpg 768w, https:\/\/reatechbrasil.com.br\/16\/wp-content\/uploads\/2024\/11\/REATECH_21112024_15h_INDY0714-1536x1024.jpg 1536w, https:\/\/reatechbrasil.com.br\/16\/wp-content\/uploads\/2024\/11\/REATECH_21112024_15h_INDY0714-540x360.jpg 540w, https:\/\/reatechbrasil.com.br\/16\/wp-content\/uploads\/2024\/11\/REATECH_21112024_15h_INDY0714.jpg 2000w\" sizes=\"(max-width: 320px) 100vw, 320px\" \/><\/div><\/a>\n\t\t\t\t<div class=\"elementor-post__badge\">Saiu na m\u00eddia<\/div>\n\t\t\t\t<div class=\"elementor-post__avatar\">\n\t\t\t<img alt='Leandro Mota' src='https:\/\/secure.gravatar.com\/avatar\/7ed0afe92604544d15c5f52eaeeb306f?s=128&#038;d=mm&#038;r=g' srcset='https:\/\/secure.gravatar.com\/avatar\/7ed0afe92604544d15c5f52eaeeb306f?s=256&#038;d=mm&#038;r=g 2x' class='avatar avatar-128 photo' height='128' width='128' loading='lazy'\/>\t\t<\/div>\n\t\t\t\t<div class=\"elementor-post__text\">\n\t\t\t\t<h3 class=\"elementor-post__title\">\n\t\t\t<a href=\"https:\/\/reatechbrasil.com.br\/16\/prefeitura-participa-da-19a-edicao-da-reatech\/\" >\n\t\t\t\tPrefeitura participa da 19\u00aa edi\u00e7\u00e3o da Reatech\t\t\t<\/a>\n\t\t<\/h3>\n\t\t\t\t<div class=\"elementor-post__excerpt\">\n\t\t\t<p>A Prefeitura participa, entre os pr\u00f3ximos dias 20 e 23, da 19\u00aa edi\u00e7\u00e3o da Reatech \u2013 Feira Internacional de Inclus\u00e3o, Acessibilidade e Reabilita\u00e7\u00e3o. O evento ser\u00e1 realizado das 10h \u00e0s 19h, no S\u00e3o Paulo Expo (Rodovia dos Imigrantes, km 1,5 \u2013 Vila \u00c1gua Funda), Zona Sul da capital.<\/p>\n\t\t<\/div>\n\t\t\n\t\t<a class=\"elementor-post__read-more\" href=\"https:\/\/reatechbrasil.com.br\/16\/prefeitura-participa-da-19a-edicao-da-reatech\/\" aria-label=\"Read more about Prefeitura participa da 19\u00aa edi\u00e7\u00e3o da Reatech\" >\n\t\t\tLEIA MAIS \u00bb\t\t<\/a>\n\n\t\t\t\t<\/div>\n\t\t\t\t<div class=\"elementor-post__meta-data\">\n\t\t\t\t\t<span class=\"elementor-post-date\">\n\t\t\tnovembro 23, 2024\t\t<\/span>\n\t\t\t\t<span class=\"elementor-post-avatar\">\n\t\t\tNenhum coment\u00e1rio\t\t<\/span>\n\t\t\t\t<\/div>\n\t\t\t\t\t<\/div>\n\t\t<\/article>\n\t\t\t\t<article class=\"elementor-post elementor-grid-item post-17462 post type-post status-publish format-standard has-post-thumbnail hentry category-noticias\">\n\t\t\t<div class=\"elementor-post__card\">\n\t\t\t\t<a class=\"elementor-post__thumbnail__link\" href=\"https:\/\/reatechbrasil.com.br\/16\/laramara-apresenta-solucoes-de-tecnologia-assistiva-na-reatech\/\" ><div class=\"elementor-post__thumbnail\"><img width=\"320\" height=\"213\" src=\"https:\/\/reatechbrasil.com.br\/16\/wp-content\/uploads\/2022\/09\/estande-laramara-reatech-2022-02-320x213.jpg\" class=\"attachment-medium size-medium wp-image-11156\" alt=\"\" loading=\"lazy\" srcset=\"https:\/\/reatechbrasil.com.br\/16\/wp-content\/uploads\/2022\/09\/estande-laramara-reatech-2022-02-320x213.jpg 320w, https:\/\/reatechbrasil.com.br\/16\/wp-content\/uploads\/2022\/09\/estande-laramara-reatech-2022-02-600x400.jpg 600w, https:\/\/reatechbrasil.com.br\/16\/wp-content\/uploads\/2022\/09\/estande-laramara-reatech-2022-02-1200x800.jpg 1200w, https:\/\/reatechbrasil.com.br\/16\/wp-content\/uploads\/2022\/09\/estande-laramara-reatech-2022-02-768x512.jpg 768w, https:\/\/reatechbrasil.com.br\/16\/wp-content\/uploads\/2022\/09\/estande-laramara-reatech-2022-02-1536x1024.jpg 1536w, https:\/\/reatechbrasil.com.br\/16\/wp-content\/uploads\/2022\/09\/estande-laramara-reatech-2022-02-540x360.jpg 540w, https:\/\/reatechbrasil.com.br\/16\/wp-content\/uploads\/2022\/09\/estande-laramara-reatech-2022-02.jpg 2048w\" sizes=\"(max-width: 320px) 100vw, 320px\" \/><\/div><\/a>\n\t\t\t\t<div class=\"elementor-post__badge\">Saiu na m\u00eddia<\/div>\n\t\t\t\t<div class=\"elementor-post__avatar\">\n\t\t\t<img alt='Leandro Mota' src='https:\/\/secure.gravatar.com\/avatar\/7ed0afe92604544d15c5f52eaeeb306f?s=128&#038;d=mm&#038;r=g' srcset='https:\/\/secure.gravatar.com\/avatar\/7ed0afe92604544d15c5f52eaeeb306f?s=256&#038;d=mm&#038;r=g 2x' class='avatar avatar-128 photo' height='128' width='128' loading='lazy'\/>\t\t<\/div>\n\t\t\t\t<div class=\"elementor-post__text\">\n\t\t\t\t<h3 class=\"elementor-post__title\">\n\t\t\t<a href=\"https:\/\/reatechbrasil.com.br\/16\/laramara-apresenta-solucoes-de-tecnologia-assistiva-na-reatech\/\" >\n\t\t\t\tLaramara apresenta solu\u00e7\u00f5es de tecnologia assistiva na Reatech\t\t\t<\/a>\n\t\t<\/h3>\n\t\t\t\t<div class=\"elementor-post__excerpt\">\n\t\t\t<p>A Laramara (Associa\u00e7\u00e3o Brasileira de Assist\u00eancia \u00e0 Pessoa com Defici\u00eancia Visual) participar\u00e1 mais uma vez da 19\u00aa Reatech (Feira Internacional de Tecnologias em Reabilita\u00e7\u00e3o, Inclus\u00e3o e Acessibilidade), que acontecer\u00e1 de 20 a 23 de novembro (das 10h \u00e0s 19h), no S\u00e3o Paulo Expo Exhibition &#038; Convention Center.<br \/>\nNo estande da Laramara, estar\u00e3o expostos teclados ampliados, v\u00eddeo ampliadores (em formato de mouse ou de bolso), guias de assinatura, soroban, rel\u00f3gios falantes, bengalas dobr\u00e1veis, medidores de press\u00e3o sangu\u00ednea de bra\u00e7o, term\u00f4metro corporal e jogos adaptados, entre outros itens.<\/p>\n\t\t<\/div>\n\t\t\n\t\t<a class=\"elementor-post__read-more\" href=\"https:\/\/reatechbrasil.com.br\/16\/laramara-apresenta-solucoes-de-tecnologia-assistiva-na-reatech\/\" aria-label=\"Read more about Laramara apresenta solu\u00e7\u00f5es de tecnologia assistiva na Reatech\" >\n\t\t\tLEIA MAIS \u00bb\t\t<\/a>\n\n\t\t\t\t<\/div>\n\t\t\t\t<div class=\"elementor-post__meta-data\">\n\t\t\t\t\t<span class=\"elementor-post-date\">\n\t\t\tnovembro 23, 2024\t\t<\/span>\n\t\t\t\t<span class=\"elementor-post-avatar\">\n\t\t\tNenhum coment\u00e1rio\t\t<\/span>\n\t\t\t\t<\/div>\n\t\t\t\t\t<\/div>\n\t\t<\/article>\n\t\t\t\t<\/div>\n\t\t\n\t\t\t\t<div class=\"e-load-more-anchor\" data-page=\"1\" data-max-page=\"15\" data-next-page=\"https:\/\/reatechbrasil.com.br\/16\/wp-json\/wp\/v2\/pages\/12734\/page\/2\/\"><\/div>\n\t\t\t\t<nav class=\"elementor-pagination\" aria-label=\"Pagination\">\n\t\t\t<span class=\"page-numbers prev\">&laquo; Previous<\/span>\n<span aria-current=\"page\" class=\"page-numbers current\"><span class=\"elementor-screen-only\">Page<\/span>1<\/span>\n<a class=\"page-numbers\" href=\"https:\/\/reatechbrasil.com.br\/16\/wp-json\/wp\/v2\/pages\/12734\/page\/2\/\"><span class=\"elementor-screen-only\">Page<\/span>2<\/a>\n<a class=\"page-numbers\" href=\"https:\/\/reatechbrasil.com.br\/16\/wp-json\/wp\/v2\/pages\/12734\/page\/3\/\"><span class=\"elementor-screen-only\">Page<\/span>3<\/a>\n<a class=\"page-numbers\" href=\"https:\/\/reatechbrasil.com.br\/16\/wp-json\/wp\/v2\/pages\/12734\/page\/4\/\"><span class=\"elementor-screen-only\">Page<\/span>4<\/a>\n<a class=\"page-numbers\" href=\"https:\/\/reatechbrasil.com.br\/16\/wp-json\/wp\/v2\/pages\/12734\/page\/5\/\"><span class=\"elementor-screen-only\">Page<\/span>5<\/a>\n<a class=\"page-numbers next\" href=\"https:\/\/reatechbrasil.com.br\/16\/wp-json\/wp\/v2\/pages\/12734\/page\/2\/\">Next &raquo;<\/a>\t\t<\/nav>\n\t\t\t\t<\/div>\n\t\t\t\t<\/div>\n\t\t\t\t\t\t<\/div>\n\t\t\t\t\t<\/div>\n\t\t<\/div>\n\t\t\t\t\t\t\t\t<\/div>\n\t\t\t\t\t<\/div>\n\t\t<\/section>\n\t\t\t\t\t\t\t\t\t<\/div>\n\t\t\t<\/div>\n\t\t\t\t\t<\/div>\n\t\t","protected":false},"excerpt":{"rendered":"<p>Saiu na M\u00eddia<\/p>\n","protected":false},"author":3,"featured_media":0,"parent":0,"menu_order":0,"comment_status":"closed","ping_status":"closed","template":"","meta":{"om_disable_all_campaigns":false,"_monsterinsights_skip_tracking":false,"_monsterinsights_sitenote_active":false,"_monsterinsights_sitenote_note":"","_monsterinsights_sitenote_category":0},"aioseo_notices":[],"_links":{"self":[{"href":"https:\/\/reatechbrasil.com.br\/16\/wp-json\/wp\/v2\/pages\/12734"}],"collection":[{"href":"https:\/\/reatechbrasil.com.br\/16\/wp-json\/wp\/v2\/pages"}],"about":[{"href":"https:\/\/reatechbrasil.com.br\/16\/wp-json\/wp\/v2\/types\/page"}],"author":[{"embeddable":true,"href":"https:\/\/reatechbrasil.com.br\/16\/wp-json\/wp\/v2\/users\/3"}],"replies":[{"embeddable":true,"href":"https:\/\/reatechbrasil.com.br\/16\/wp-json\/wp\/v2\/comments?post=12734"}],"version-history":[{"count":10,"href":"https:\/\/reatechbrasil.com.br\/16\/wp-json\/wp\/v2\/pages\/12734\/revisions"}],"predecessor-version":[{"id":12751,"href":"https:\/\/reatechbrasil.com.br\/16\/wp-json\/wp\/v2\/pages\/12734\/revisions\/12751"}],"wp:attachment":[{"href":"https:\/\/reatechbrasil.com.br\/16\/wp-json\/wp\/v2\/media?parent=12734"}],"curies":[{"name":"wp","href":"https:\/\/api.w.org\/{rel}","templated":true}]}}